{"id":46,"date":"2016-06-20T09:59:27","date_gmt":"2016-06-20T09:59:27","guid":{"rendered":"http:\/\/associacaomaceira.pt\/?page_id=46"},"modified":"2023-08-03T08:41:36","modified_gmt":"2023-08-03T08:41:36","slug":"relatorio-de-contas","status":"publish","type":"page","link":"https:\/\/associacaomaceira.pt\/index.php\/sobre-nos\/relatorio-de-contas\/","title":{"rendered":"Relat\u00f3rio de contas"},"content":{"rendered":"<ul>\n<li><a href=\"http:\/\/associacaomaceira.pt\/wp-content\/uploads\/2017\/02\/Relat%C3%B3rio-de-Contas-2014.pdf\" target=\"_blank\" rel=\"noopener\">Relat\u00f3rio de contas 2014<\/a><\/li>\n<li><a href=\"http:\/\/associacaomaceira.pt\/wp-content\/uploads\/2017\/05\/2015.pdf\" target=\"_blank\" rel=\"noopener\">Relat\u00f3rio de contas 2015<\/a><\/li>\n<li><a href=\"http:\/\/associacaomaceira.pt\/wp-content\/uploads\/2017\/05\/2016.pdf\" target=\"_blank\" rel=\"noopener\">Relat\u00f3rio de contas 2016<\/a><\/li>\n<li><a href=\"http:\/\/associacaomaceira.pt\/wp-content\/uploads\/2018\/06\/Relat%C3%B3rio-de-Atividades-2017.pdf\" target=\"_blank\" rel=\"noopener\">Relat\u00f3rio de contas 2017<\/a><\/li>\n<li><a href=\"http:\/\/associacaomaceira.pt\/wp-content\/uploads\/2019\/05\/Relat%C3%B3rio-de-Atividades-e-Contas-2018.pdf\">Relat\u00f3rio de contas 2018<\/a><\/li>\n<li><a href=\"http:\/\/associacaomaceira.pt\/wp-content\/uploads\/2020\/08\/Relat%C3%B3rio_de_Atividades_e_Contas_2019-.pdf\">Relat\u00f3rio de contas 2019<\/a><\/li>\n<li><a href=\"http:\/\/associacaomaceira.pt\/wp-content\/uploads\/2021\/06\/2020.pdf\">Relat\u00f3rio de contas 2020<\/a><\/li>\n<li><a href=\"http:\/\/associacaomaceira.pt\/wp-content\/uploads\/2022\/06\/Relatorio-de-atividades-e-contas-2021.pdf\">Relat\u00f3rio de contas 2021<\/a><\/li>\n<li><a href=\"http:\/\/associacaomaceira.pt\/wp-content\/uploads\/2023\/08\/RAC22-1.pdf\">Relat\u00f3rio de contas 2022<\/a><\/li>\n<\/ul>\n\n\n<p><\/p>\n","protected":false},"excerpt":{"rendered":"<p>Relat\u00f3rio de contas 2014 Relat\u00f3rio de contas 2015 Relat\u00f3rio de contas 2016 Relat\u00f3rio de contas 2017 Relat\u00f3rio de contas 2018 Relat\u00f3rio de contas 2019 Relat\u00f3rio de contas 2020 Relat\u00f3rio de contas 2021<a class=\"moretag\" href=\"https:\/\/associacaomaceira.pt\/index.php\/sobre-nos\/relatorio-de-contas\/\">Read More&#8230;<\/a><\/p>\n","protected":false},"author":1,"featured_media":0,"parent":17,"menu_order":4,"comment_status":"closed","ping_status":"closed","template":"page-sidebar.php","meta":[],"_links":{"self":[{"href":"https:\/\/associacaomaceira.pt\/index.php\/wp-json\/wp\/v2\/pages\/46"}],"collection":[{"href":"https:\/\/associacaomaceira.pt\/index.php\/wp-json\/wp\/v2\/pages"}],"about":[{"href":"https:\/\/associacaomaceira.pt\/index.php\/wp-json\/wp\/v2\/types\/page"}],"author":[{"embeddable":true,"href":"https:\/\/associacaomaceira.pt\/index.php\/wp-json\/wp\/v2\/users\/1"}],"replies":[{"embeddable":true,"href":"https:\/\/associacaomaceira.pt\/index.php\/wp-json\/wp\/v2\/comments?post=46"}],"version-history":[{"count":4,"href":"https:\/\/associacaomaceira.pt\/index.php\/wp-json\/wp\/v2\/pages\/46\/revisions"}],"predecessor-version":[{"id":567,"href":"https:\/\/associacaomaceira.pt\/index.php\/wp-json\/wp\/v2\/pages\/46\/revisions\/567"}],"up":[{"embeddable":true,"href":"https:\/\/associacaomaceira.pt\/index.php\/wp-json\/wp\/v2\/pages\/17"}],"wp:attachment":[{"href":"https:\/\/associacaomaceira.pt\/index.php\/wp-json\/wp\/v2\/media?parent=46"}],"curies":[{"name":"wp","href":"https:\/\/api.w.org\/{rel}","templated":true}]}}