{"id":48,"date":"2016-06-20T10:01:08","date_gmt":"2016-06-20T10:01:08","guid":{"rendered":"http:\/\/associacaomaceira.pt\/?page_id=48"},"modified":"2019-01-07T11:48:42","modified_gmt":"2019-01-07T11:48:42","slug":"estrutura-residencial-para-pessoas-idosas-erpi","status":"publish","type":"page","link":"https:\/\/associacaomaceira.pt\/index.php\/servicos\/estrutura-residencial-para-pessoas-idosas-erpi\/","title":{"rendered":"Estrutura Residencial para Pessoas Idosas &#8211; ERPI"},"content":{"rendered":"<p>Esta Resposta Social destina-se a acolher pessoas idosas de ambos os sexos, cuja situa\u00e7\u00e3o social, familiar, econ\u00f3mica e\/ou de sa\u00fade n\u00e3o lhes permite permanecer no seu meio habitual de vida, criando servi\u00e7os e desenvolvendo atividades que permitam contribuir para a estabiliza\u00e7\u00e3o e retardamento dos fatores evolutivos associados ao processo de envelhecimento.<\/p>\n<p><strong><em>A Estrutura Residencial para Idosos, na sua atua\u00e7\u00e3o tem como principais objetivos:<\/em><\/strong><\/p>\n<ol>\n<li>Proporcionar servi\u00e7os permanentes e adequados \u00e0s necessidades biopsicossociais das pessoas idosas;<\/li>\n<li>Assegurar um atendimento individual e personalizado em fun\u00e7\u00e3o das necessidades espec\u00edficas de cada pessoa;<\/li>\n<li>Promover a dignidade da pessoa e oportunidades para a estimula\u00e7\u00e3o da mem\u00f3ria, do respeito pela hist\u00f3ria, cultura, e espiritualidade pessoais e pelas suas reminisc\u00eancias e vontades conscientemente expressas;<\/li>\n<li>Contribuir para a estimula\u00e7\u00e3o de um processo de envelhecimento ativo;<\/li>\n<li>Promover o aproveitamento de oportunidades para a sa\u00fade, participa\u00e7\u00e3o e seguran\u00e7a e no acesso \u00e0 continuidade de aprendizagem ao longo da vida e o contacto com novas tecnologias \u00fateis;<\/li>\n<li>Prevenir e despistar qualquer inadapta\u00e7\u00e3o, defici\u00eancia ou situa\u00e7\u00e3o de risco, assegurando o encaminhamento mais adequado;<\/li>\n<li>Contribuir para a concilia\u00e7\u00e3o da vida familiar e profissional do agregado familiar;<\/li>\n<li>Promover o envolvimento e compet\u00eancias da fam\u00edlia.<\/li>\n<\/ol>\n<p><strong><em>A Estrutura Residencial para pessoas Idosas proporciona um conjunto diversificado de atividades e servi\u00e7os, em fun\u00e7\u00e3o das necessidades dos seus clientes, nomeadamente:<\/em><\/strong><\/p>\n<ul>\n<li>Alojamento permanente;<\/li>\n<li>Alimenta\u00e7\u00e3o adequada \u00e0s necessidades de cada cliente;<\/li>\n<li>Cuidados de Higiene e conforto pessoal;<\/li>\n<li>Lavagem e Tratamento de roupas;<\/li>\n<li>Colabora\u00e7\u00e3o na presta\u00e7\u00e3o de cuidados de sa\u00fade sob supervis\u00e3o de pessoal de sa\u00fade qualificado, designadamente, t\u00e9cnico de enfermagem;<\/li>\n<li>Organiza\u00e7\u00e3o de diferentes atividades de anima\u00e7\u00e3o, ocupa\u00e7\u00e3o, recreio, desporto e cultura, em fun\u00e7\u00e3o das suas carater\u00edsticas e capacidades de modo a contrariar os efeitos dos d\u00e9fices de mobilidade, procurando melhorar autonomia f\u00edsica a auto-estima e o treino da mem\u00f3ria do utente\/cliente;<\/li>\n<li>Disponibiliza\u00e7\u00e3o de informa\u00e7\u00e3o facilitadora do acesso a servi\u00e7os da comunidade adequados \u00e0 satisfa\u00e7\u00e3o de outras necessidades;<\/li>\n<li>Administra\u00e7\u00e3o de f\u00e1rmacos quando prescritos<\/li>\n<li>Transporte e acompanhamento do utente ao exterior<\/li>\n<li>Servi\u00e7o de cabeleireiro<\/li>\n<li>Servi\u00e7o de fisioterapia (atrav\u00e9s de parceria com entidade externa)<\/li>\n<\/ul>\n","protected":false},"excerpt":{"rendered":"<p>Esta Resposta Social destina-se a acolher pessoas idosas de ambos os sexos, cuja situa\u00e7\u00e3o social, familiar, econ\u00f3mica e\/ou de sa\u00fade n\u00e3o lhes permite permanecer no seu meio habitual de vida, criando servi\u00e7os<a class=\"moretag\" href=\"https:\/\/associacaomaceira.pt\/index.php\/servicos\/estrutura-residencial-para-pessoas-idosas-erpi\/\">Read More&#8230;<\/a><\/p>\n","protected":false},"author":1,"featured_media":0,"parent":19,"menu_order":1,"comment_status":"closed","ping_status":"closed","template":"page-sidebar.php","meta":[],"_links":{"self":[{"href":"https:\/\/associacaomaceira.pt\/index.php\/wp-json\/wp\/v2\/pages\/48"}],"collection":[{"href":"https:\/\/associacaomaceira.pt\/index.php\/wp-json\/wp\/v2\/pages"}],"about":[{"href":"https:\/\/associacaomaceira.pt\/index.php\/wp-json\/wp\/v2\/types\/page"}],"author":[{"embeddable":true,"href":"https:\/\/associacaomaceira.pt\/index.php\/wp-json\/wp\/v2\/users\/1"}],"replies":[{"embeddable":true,"href":"https:\/\/associacaomaceira.pt\/index.php\/wp-json\/wp\/v2\/comments?post=48"}],"version-history":[{"count":3,"href":"https:\/\/associacaomaceira.pt\/index.php\/wp-json\/wp\/v2\/pages\/48\/revisions"}],"predecessor-version":[{"id":316,"href":"https:\/\/associacaomaceira.pt\/index.php\/wp-json\/wp\/v2\/pages\/48\/revisions\/316"}],"up":[{"embeddable":true,"href":"https:\/\/associacaomaceira.pt\/index.php\/wp-json\/wp\/v2\/pages\/19"}],"wp:attachment":[{"href":"https:\/\/associacaomaceira.pt\/index.php\/wp-json\/wp\/v2\/media?parent=48"}],"curies":[{"name":"wp","href":"https:\/\/api.w.org\/{rel}","templated":true}]}}